{"id":2,"date":"2020-06-08T09:37:41","date_gmt":"2020-06-08T09:37:41","guid":{"rendered":"https:\/\/site.dominiquepeysson.net\/?page_id=2"},"modified":"2023-11-29T14:32:58","modified_gmt":"2023-11-29T14:32:58","slug":"%e9%81%a9%e5%bd%93","status":"publish","type":"page","link":"https:\/\/dominiquepeysson.net\/ja\/%e9%81%a9%e5%bd%93\/","title":{"rendered":"\u306b\u3064\u3044\u3066"},"content":{"rendered":"<h2>\n\t\t\t\t\t\u30d0\u30a4\u30aa\n\t\t\t\t<\/h2>\n\t<p>Dominique Peysson est n\u00e9e en 1968 et vit en r\u00e9gion parisienne. Elle est artiste plasticienne, apr\u00e8s avoir \u00e9t\u00e9 chercheuse en physique. Promouvant la rencontre fertile entre les arts contemporains et les sciences, elle pr\u00e9f\u00e8re cependant la po\u00e9sie, l&#8217;humour, la magie et l&#8217;\u00e9tranget\u00e9 \u00e0 la d\u00e9monstration de puissance. Ses \u0153uvres, des installations, vid\u00e9os et performances, interrogent avec d\u00e9licatesse les hybridations entre processus vivants et processus techniques. Elles explorent les fronti\u00e8res entre le naturel et l&#8217;artificiel ou l&#8217;inerte et le vivant. Dominique Peysson travaille directement avec des laboratoires de recherche, afin d&#8217;interroger le futur de nos technologies \u00e0 venir, et les questions \u00e9thiques qu&#8217;elles soul\u00e8vent. Elle a re\u00e7u le prix Starts Vertigo, et expose r\u00e9guli\u00e8rement en France et \u00e0 l&#8217;\u00e9tranger\u00a0: Venise, Madrid, Bruxelles, Leipzig, Londres, etc. Elle a b\u00e9n\u00e9fici\u00e9 de nombreuses r\u00e9sidences et participe au projet ANR \u00ab\u00a0Second Skin\u00a0\u00bb avec trois laboratoires scientifiques.<\/p>\n<p>Elle a deux th\u00e8ses, en physique (1994) et en art contemporain (2014). Elle a enseign\u00e9 de nombreuses ann\u00e9es, a men\u00e9 ses recherches et enseign\u00e9 \u00e0 EnsadLab, le laboratoire arts et sciences des Arts D\u00e9coratifs ENSAD Paris et \u00e0 l&#8217;Universit\u00e9 Gustave Eiffel. Elle se consacre exclusivement maintenant \u00e0 ses productions plastiques. Consid\u00e9rant que l&#8217;artiste se doit de partager, transmettre, mais aussi nous alerter sur les risques \u00e0 venir de notre soci\u00e9t\u00e9 technoscientifique, elle participe r\u00e9guli\u00e8rement \u00e0 des conf\u00e9rences, podcasts et \u00e0 des ateliers pratiques inclusifs.<\/p>\n<p>Elle est l&#8217;autrice de nombreuses publications, dont l&#8217;ouvrage <em>L&#8217;Image-Mati\u00e8re<\/em>, \u307e\u305f\u3001\u82f1\u8a9e\u306b\u3082\u7ffb\u8a33\u3055\u308c\u3001\u30d5\u30e9\u30f3\u30b9\u3001\u30a4\u30ae\u30ea\u30b9\u3001\u30c9\u30a4\u30c4\u3001\u30a2\u30e1\u30ea\u30ab\u3067\u8ca9\u58f2\u3055\u308c\u3066\u3044\u308b\u3002.<\/p>\n\t\t\t\t<img data-recalc-dims=\"1\" decoding=\"async\" src=\"https:\/\/i0.wp.com\/site.dominiquepeysson.net\/wp-content\/uploads\/2020\/09\/domi3.jpg?w=930&#038;ssl=1\" alt=\"\u30c9\u30df3\" itemprop=\"image\" title=\"\u30c9\u30df3\" onerror=\"this.style.display='none'\"  \/>\n\t<h2>\u500b\u5c55<\/h2>\n<p>18-22 oct 2017. Trois \u0153uvres\u00a0: une performance avec Olivier Goulet La vie et une vapeur&#8230; et puis rien, l&#8217;installation Trafic 3.0, \u0153uvre microfluidique radioactive, l&#8217;installation Etude de nuages radioactifs, Soutenues par le programme de recherche \u00ab Vocality in theater and opera \u00bb de l&#8217;Iris \u00ab Cr\u00e9ation, Cognition et Soci\u00e9t\u00e9 \u00bb (EHESS). Expos\u00e9s \u00e0 l&#8217;Op\u00e9ra Comique de Paris pour l&#8217;op\u00e9ra Kein Licht, une cr\u00e9ation de Philippe Manouri.<\/p>\n<p>5 jan.-10 mars 2017. Premi\u00e8re Impression, exposition personnelle d&#8217;un corpus de cinq \u0153uvres sur la notion de mati\u00e8re-ADN, financement par le D\u00e9partement de la Seine-Saint-Denis et la R\u00e9gion Ile-de-France dans le cadre d&#8217;une r\u00e9sidence d&#8217;artiste de mars 2016 \u00e0 janvier 2017 au sein de l&#8217;Espace Jean-Roger Caussimon, Tremblay en France, en collaboration avec le Lieu Multiple de Poitiers.<\/p>\n<p>15 nov.-15 d\u00e9c. 2016. Possibilit\u00e9 d&#8217;une \u00eele. Installation, sable et gouttes d&#8217;eau. Centre Jean-Ren\u00e9 Caussimon, Tremblay en France.<\/p>\n<p>18 et 26 mai 2016. Water Power. Performance, \u00e0 l&#8217;Espace Mend\u00e8s France \u00e0 Poitiers et \u00e0 la Paillasse \u00e0 Paris. \u00c0 l&#8217;ombre de l&#8217;eau. \u00c9coute dans le noir, pour une transmission d&#8217;image mentale.<\/p>\n<p>04 Jan - 27 Feb 2016.\u4ea4\u901a\u30de\u30a4\u30af\u30ed\u6d41\u4f53\u30a4\u30f3\u30b9\u30bf\u30ec\u30fc\u30b7\u30e7\u30f3\u3002Centre Jean-Ren\u00e9 Caussimon, Tremblay en France.<\/p>\n<p>10-13 D\u00e9c. 2014. Water At Work, exposition personnelle de onze pi\u00e8ces \u00e0 la galerie de l&#8217;Universit\u00e9 Paris 1 Panth\u00e9on-Sorbonne, Paris.<\/p>\n<p>Sept. 2013-juin 2014. Hydrophily, installation art&amp;science interactive, dessins de bu\u00e9e, maintenue 10 mois dans les vitrines de l&#8217;Espace Pierre Gilles de Gennes, 10 rue Vauquelin, Paris.<\/p>\n<p>19 nov. 2013. Couleur m\u00e9tal, Installation performance pour Les Invisibles, Apparition d&#8217;images de bu\u00e9e, Espace Pierre-Gilles de Gennes.<\/p>\n<p>&nbsp;<\/p>\n<h2>\u30b0\u30eb\u30fc\u30d7\u5c55<\/h2>\n<p>21 sept. 2019. ADN en plastiques, pr\u00e9sent\u00e9 pour les portes ouvertes de l&#8217;Institut Imagine.<\/p>\n<p>09-23 juin. 2019. Goutte de cristal, installation pour le Festival de l&#8217;Eau \u00e0 Whattwiller (FEW), sur le th\u00e8me de la m\u00e9moire de l&#8217;eau. Projection de vid\u00e9os dans des gouttes d&#8217;eau, syst\u00e8me en \u00e9coulement continu, dispositif optique.<\/p>\n<p>28 June.2018.\u30ec\u30fb\u30b0\u30e9\u30f3\u30fb\u30f4\u30a9\u30ef\u30b6\u30f3\uff08lesgrandsvoisins.org\uff09\u306712\u4eba\u306e\u30a2\u30fc\u30c6\u30a3\u30b9\u30c8\u306b\u3088\u308b8\u3064\u306e\u30d1\u30d5\u30a9\u30fc\u30de\u30f3\u30b9\u3092\u7d39\u4ecb\u3059\u308b\u30a4\u30f4\u30a7\u30f3\u30c8\u300cFifty-Fifty\u300d\u306e\u30ad\u30e5\u30ec\u30fc\u30b7\u30e7\u30f3\u3068\u30aa\u30fc\u30ac\u30ca\u30a4\u30ba\u3092\u30f4\u30a7\u30e9\u30fb\u30d6\u30ed\u30a4\u30cf\u30fc\u30b2\u30f3\u3068\u5171\u306b\u884c\u3046\u3002\u305d\u306e\u4e2d\u3067\u79c1\u304c\u767a\u8868\u3057\u305f2\u3064\u306e\u30d1\u30d5\u30a9\u30fc\u30de\u30f3\u30b9\uff1a\u30b7\u30eb\u30f4\u30a3\u30fb\u30e2\u30fc\u30e9\u30f3\u3068\u306e\u30d1\u30d5\u30a9\u30fc\u30de\u30f3\u30b9\u300eDans ta peau\u300f\u3068\u30f4\u30a7\u30e9\u30fb\u30d6\u30ed\u30a4\u30cf\u30fc\u30b2\u30f3\u3068\u306e\u30d1\u30d5\u30a9\u30fc\u30de\u30f3\u30b9\u300eEffet M\u00e9moire\u300f\u3002.<\/p>\n<p>2017\u5e7412\u670815\u65e5\u304b\u308916\u65e5Villa Belleville\u3067\u958b\u50ac\u3055\u308c\u305f\u30b0\u30eb\u30fc\u30d7\u5c55\u300cWanderer above the sea of fog\u300d\u306e\u305f\u3081\u306b\u767a\u8868\u3055\u308c\u305f\u30a4\u30f3\u30b9\u30bf\u30ec\u30fc\u30b7\u30e7\u30f3\u300cCloud study\u300d\u3002.<\/p>\n<p>06 Dec - 02 Feb 2018.\u653e\u5c04\u80fd\u96f2\u306e\u7814\u7a76\u3001\u300cGreat Planet\u300d\u306e\u305f\u3081\u3001\u30df\u30af\u30b7\u30a3\u30fb\u30b3\u30ef\u30fc\u30ad\u30f3\u30b0\u3001\u30b7\u30c6\u30fb\u30e6\u30cb\u30f4\u30a7\u30eb\u30b7\u30c6\u30fc\u30eb\u3001\u30d1\u30ea\u3002.<\/p>\n<p>09 nov. 2017. \u00c9tude de nuages radioactifs, pour la journ\u00e9e inaugurale Arts et Sciences de l&#8217;ISC-PIF au sein du TOTEM, Institut des syst\u00e8mes complexes, Paris.<\/p>\n<p>18-22 oct 2017. Trois \u0153uvres\u00a0: une performance avec Olivier Goulet La vie et une vapeur&#8230; et puis rien, l&#8217;installation Trafic 3.0, \u0153uvre microfluidique radioactive, l&#8217;installation Etude de nuages radioactifs, Soutenues par le programme de recherche \u00ab Vocality in theater and opera \u00bb de l&#8217;Iris \u00ab Cr\u00e9ation, Cognition et Soci\u00e9t\u00e9 \u00bb (EHESS). Expos\u00e9s \u00e0 l&#8217;Op\u00e9ra Comique de Paris pour l&#8217;op\u00e9ra Kein Licht, une cr\u00e9ation de Philippe Manouri.<\/p>\n2017\u5e7410\u670810\u65e5\uff5e12\u67089\u65e5Trafic 2.0\u304c\u30dd\u30fc\u3067\u958b\u50ac\u3055\u308c\u305fMachines Sensibles, Acc\u00e8s)s()\u30d5\u30a7\u30b9\u30c6\u30a3\u30d0\u30eb\u306b\u51fa\u5c55\u3002<br \/>\n\u6587\u5316)s( \u96fb\u5b50)s(.\n<p>3 mai-3 juin 2017. Exposition au sein du collectif PERCOLARIS, \u00e0 la galerie Arondit, Paris III\u00e8me. \u0152uvres personnelles expos\u00e9es\u00a0: ADN en plastiques, L&#8217;\u00c9volution est dyslexique, Protohistoric-Trafic, \u00c9tude de nuage.<\/p>\n<p>5 jan.-10 mars 2017. Premi\u00e8re Impression, exposition personnelle d&#8217;un corpus de cinq \u0153uvres sur la notion de mati\u00e8re-ADN, financement par le D\u00e9partement de la Seine-Saint-Denis et la R\u00e9gion Ile-de-France dans le cadre d&#8217;une r\u00e9sidence d&#8217;artiste de mars 2016 \u00e0 janvier 2017 au sein de l&#8217;Espace Jean-Roger Caussimon, Tremblay en France, en collaboration avec le Lieu Multiple de Poitiers.<\/p>\n<p>12 jan.-10 f\u00e9v. 2017. \u00c9tude de Nuage et Danser sous la Pluie, pour l&#8217;exposition Aqua Mobilis (volet 2), Galerie Passerelle, Campus de Jussieu, Paris 5\u00e8me.<\/p>\n<p>07 nov.-11 d\u00e9c. 2016. \u00c9tude de Nuage et Danser sous la Pluie, pour l&#8217;exposition Aqua Mobilis (volet 1), TIM Future Center, Venise, Italie.<\/p>\n<p>15 nov.-15 d\u00e9c. 2016. Possibilit\u00e9 d&#8217;une \u00eele. Installation, sable et gouttes d&#8217;eau. Centre Jean-Ren\u00e9 Caussimon, Tremblay en France.<\/p>\n<p>10 oct.-15 nov. 2016. Etude de nuage. Installation. D\u00e9tournement de s\u00e9rigraphie pour une image de nuage en gouttes d&#8217;eau. Festival Photophore. Centre Jean-Ren\u00e9 Caussimon, Tremblay en France.<\/p>\n<p>2016\u5e749\u670820\u65e5\uff5e23\u65e5Points Singuliers, Five studies of folds highlighted, EnsAD, Paris V\u00e8me.<\/p>\n<p>18 et 26 mai 2016. Water Power. Performance, \u00e0 l&#8217;Espace Mend\u00e8s France \u00e0 Poitiers et \u00e0 la Paillasse \u00e0 Paris. \u00c0 l&#8217;ombre de l&#8217;eau. \u00c9coute dans le noir, pour une transmission d&#8217;image mentale.<\/p>\n<p>04 Jan - 27 Feb 2016.\u4ea4\u901a\u30de\u30a4\u30af\u30ed\u6d41\u4f53\u30a4\u30f3\u30b9\u30bf\u30ec\u30fc\u30b7\u30e7\u30f3\u3002Centre Jean-Ren\u00e9 Caussimon, Tremblay en France.<\/p>\n<p>26-29 mars 2015. Versal Unfolding, Performance-conf\u00e9rence avec Emmanuel Ferrand, au cours du colloque du GDR MePhy, M\u00e9canique et physique des syst\u00e8mes complexes. ESPCI, Paris V\u00e8me et L&#8217;i-m-a-g-e E-s-t U-n O-b-j-e-t E-l-a-s-t-i-q-u-e, La G\u00e9n\u00e9rale, Paris XIV\u00e8me et \u00e0 la Galerie Friches &amp; nous, la paix, Paris XX\u00e8me.<\/p>\n<p>10-13 D\u00e9c. 2014. Water At Work, exposition personnelle de onze pi\u00e8ces \u00e0 la galerie de l&#8217;Universit\u00e9 Paris 1 Panth\u00e9on-Sorbonne, Paris.<\/p>\n<p>Sept. 2013-juin 2014. Hydrophily, installation art&amp;science interactive, dessins de bu\u00e9e, maintenue 10 mois dans les vitrines de l&#8217;Espace Pierre Gilles de Gennes, 10 rue Vauquelin, Paris.<\/p>\n<p>19 nov. 2013. Couleur m\u00e9tal, Installation performance pour Les Invisibles, Apparition d&#8217;images de bu\u00e9e, Espace Pierre-Gilles de Gennes.<\/p>\nD\u00e9c. 2012-janv. 2013. Exposition collective &#8220;Quartiers divers&#8221;, Centres culturels de Rueil-Malmaison.<br \/>\nJuin 2010. YI SANG I GNAS IY et le retournement temporel, performance sur l&#8217;inspiration scientifique du po\u00e8te cor\u00e9en Yi Sang, festival \u00ab\u00a0Yi Sang \u00e0 Paris\u00a0\u00bb, \u00e0 La G\u00e9n\u00e9rale, Paris.\n<p>Mai 2009. Re-enactment de l&#8217;\u0153uvre d&#8217;Alvin Lucier Music for a solo performer \u00e0 l&#8217;\u00e9glise Saint-Merri, Paris.<\/p>\n<p>2008\u5e7410\u6708Histoires de poche\u300d\u3001\u30cb\u30e5\u30a4\u30fb\u30d6\u30e9\u30f3\u30b7\u30e5\u30fb\u30d5\u30a7\u30b9\u30c6\u30a3\u30d0\u30eb\u306e\u4e00\u74b0\u3068\u3057\u3066\u30015\u533a\u5e02\u5e81\u820e\u306e\u5c4b\u5916\u5927\u578b\u30b9\u30af\u30ea\u30fc\u30f3\u3067\u4e0a\u6620\u3055\u308c\u305f4\u672c\u306e\u30d3\u30c7\u30aa\u3002.<\/p>\n<p>2008\u5e745\u6708\u30dd\u30f3\u30d4\u30c9\u30a5\u30fc\u30fb\u30bb\u30f3\u30bf\u30fc\uff08\u30d1\u30ea\uff09\u306e\u30dd\u30b1\u30c3\u30c8\u30fb\u30d5\u30a3\u30eb\u30e0\u30fb\u30d5\u30a7\u30b9\u30c6\u30a3\u30d0\u30eb\u306e\u305f\u3081\u306b\u5236\u4f5c\u3055\u308c\u305f4\u672c\u306e\u30d3\u30c7\u30aa\u300cHistoires de poche\u300d\u3002.<\/p>\n<p>Mai 2007. Int\u00e9grateur de Marcel, exposition parmi sept jeunes artistes pour Upperloc!, manifestation Lil&#8217;art, Les Lilas.<\/p>\n<h2>\u51fa\u7248\u7269\uff08\u30a2\u30fc\u30c8\uff09<\/h2>\n<p>\u4eca\u5f8c\u306e\u4e88\u5b9a\uff082020\u5e7410\u6708\uff09\u3002\u30c7\u30b6\u30a4\u30f3\u3001\u30b2\u30b7\u30e5\u30bf\u30eb\u30c8\u30a5\u30f3\u30b0\u3001\u30d5\u30a9\u30fc\u30de\u30c6\u30a3\u30f4\u30a3\u30bf\u300d\u3001\u30a2\u30f3\u30bd\u30ed\u30b8\u30fc\u3001\u30d1\u30c8\u30ea\u30b7\u30a2\u30fb\u30ea\u30dc\u30fc\u3001\u30af\u30e9\u30b9\u30bf\u30fc\u30fb\u30aa\u30d6\u30fb\u30a8\u30af\u30bb\u30ec\u30f3\u30b9\u6d3b\u52d5\u4e8b\u9805\u3002\u30a4\u30e1\u30fc\u30b8\u30b9\u30da\u30fc\u30b9\u7d20\u6750\u3002.<\/p>\n<p>Juin. 2018. Sciences et art : alibi scientiste ou voie pour les humanit\u00e9s ? in \u00ab\u00a0Quel avenir pour les humanit\u00e9s?\u00a0\u00bb, l&#8217;Archicube, n\u00b024. ENS Ed. (Paris). P.98-101<\/p>\n<p>D\u00e9c. 2017. Premi\u00e8re Impression, Catalogue de mon exposition personnelle compos\u00e9e de cinq \u0153uvres pr\u00e9sent\u00e9e en janvier-f\u00e9vrier 2017 \u00e0 L&#8217;Espace Jean-Roger Caussimon, Tremblay en France.<\/p>\n<p>2017\u5e741\u6708Responsive Images and Hydrophily, in \u00abImages Interactives : Arts, Sciences et Culture du visuel\u00bb, edited by Jean-Paul Fourmentraux, La lettre Vol\u00e9e Ed., Brussels.<\/p>\n<p>Juin 2016. Versal Unfolding, How a specific folding can turn crease and tear into transversal notions, Emmanuel Ferrand, Dominique Peysson, in &#8220;On Folding&#8221;, dir. Michael Friedman, Transcript Ed., Bielefeld.<\/p>\nAvr. 2016. L&#8217;image-mati\u00e8re. Mat\u00e9riaux \u00e9mergents &amp; m\u00e9tamorphoses imaginaires. Ouvrage de Dominique Peysson. Dis Voir Ed. (Paris).<br \/>\n\u7d9a\u3044\u3066\u300c\u30a4\u30e1\u30fc\u30b8\u30fb\u30de\u30bf\u30fc\u300d\u3002\u30f4\u30a1\u30cd\u30c3\u30b5\u30fb\u30d7\u30ec\u30a4\u30b9\u8457\u300e\u30a8\u30de\u30fc\u30b8\u30f3\u30b0\u30fb\u30de\u30c6\u30ea\u30a2\u30eb\u3068\u30a4\u30de\u30b8\u30ca\u30ea\u30fc\u30fb\u30e1\u30bf\u30e2\u30eb\u30d5\u30a9\u30fc\u30bc\u300f\u3001\u30c7\u30a3\u30b9\u30fb\u30f4\u30a9\u30ef\u30fc\u30eb\u7de8\uff08\u30d1\u30ea\uff09\u3002.\n<p>D\u00e9c. 2015 Les mat\u00e9riaux \u00e9mergents \u00e0 l&#8217;\u00e9preuve de l&#8217;art contemporain, in \u00ab\u00a0Sciences et techniques. Une culture \u00e0 partager\u00a0\u00bb Culture et Recherche n\u00b0 132, 100 p., La revue sur la recherche du minist\u00e8re de la Culture.<\/p>\n<p>2013.plastik]-\u30a2\u30fc\u30c8\uff06\u30b5\u30a4\u30a8\u30f3\u30b9#03\u53f7\u3001\u30ca\u30ce\u306e\u30aa\u30eb\u30ac\u30fb\u30ad\u30bb\u30ec\u30f4\u30a1\u3068\u306e\u5171\u540c\u30c7\u30a3\u30ec\u30af\u30b7\u30e7\u30f3\u3002.<\/p>\n<p>2013\u5e748\u6708Peysson Dominique, \u00abLe nanomonde : une nouvelle \u00ab h\u00e9t\u00e9rotopie \u00bb ?\u00bb, in the online journal [plastik ] Nano, n\u00b03.<\/p>\n<p>Mai 2012. Mat\u00e9rialiser sa pens\u00e9e au seuil de l&#8217;intelligible, in &#8220;Technique et creation&#8221;. Toulouse Ivan, Dan\u00e9tis Daniel (dir.), Paris : L&#8217;Harmattan, 2012, (coll.\u00a0\u00ab\u00a0Eur\u00eaka et cie\u00bb)\u200e.<\/p>\n<p>2008. Inventer son chemin, petite fresque heuristique, in \u00ab\u00a0Eur\u00eaka, le moment de l&#8217;invention\u00a0\u00bb, Toulouse Ivan, Dan\u00e9tis Daniel (dir.), Arts 8, Paris\u00a0: L&#8217;Harmattan, 2008, (coll.\u00a0\u00ab\u00a0Eur\u00eaka et cie\u00bb)\u200e.<\/p>\n<p>1999-2009. Nombreuses publications\u00a0en litt\u00e9rature jeunesse (textes et images): onze livres pour enfants, illustrations de revues, de couvertures de livres, etc&#8230;<\/p>\n<p>1991-1995. Publications scientifiques\u00a0: un chapitre de livre, huit publications dans des revues \u00e0 comit\u00e9\u00a0de lecture (comme \u00ab\u00a0Die Makromol. Chem.&#8221;, &#8220;Nonlinear Optics&#8221;, &#8220;Macromol. Chem. Phys.\u00a0\u00bb, \u00ab\u00a0Liquid Crystals\u00a0\u00bb, &#8230;), dix-huit communications (congr\u00e8s, colloques&#8230;).<\/p>\n<p>&nbsp;<\/p>\n<h2>Organisation de colloques et journ\u00e9es d&#8217;\u00e9tude (Art)<\/h2>\n<p>\u00c0 venir. Co-organisatrice d&#8217;une semaine de r\u00e9flexion transdisciplinaire avec le physicien Beno\u00eet Roman sur La mati\u00e8re anim\u00e9e, en mai 2021. Une semaine enti\u00e8re isol\u00e9e pour douze chercheurs de renomm\u00e9e internationale \u00e0 la Fondation des Treilles, un lieu qui favorise le dialogue entre cr\u00e9ateurs et chercheurs. Une r\u00e9alisation mat\u00e9rielle sera imagin\u00e9e, un colloque international et peut-\u00eatre un ouvrage ou une exposition seront les productions attendues de ces journ\u00e9es.<\/p>\n<p>21 Juin 2017. Explorations interdisciplinaires autour du vivant. Sciences et art \u00e0 PSL. Workshop art et biologie organis\u00e9 avec Lia Giraud, Val\u00e9rie Pihet et Perig Pitrou \u00e0 l&#8217;ESPCI.<\/p>\n<p>1er Juin 2017. Responsive Matter, colloque art&amp;science, Centre Pompidou, Paris, organis\u00e9 avec Marie-Ange Brayer, Samuel Bianchini et Emanuele Quinz. L&#8217;impression 3D r\u00e9actualise le rapport mati\u00e8re\u00a0\/\u00a0forme o\u00f9 la mati\u00e8re ne prend sens que lorsqu&#8217;elle est inform\u00e9e et se doit de se faire oublier. Mais qu&#8217;en est-il aujourd&#8217;hui de ces nouveaux mat\u00e9riaux actifs, r\u00e9actifs et adaptatifs\u00a0?<\/p>\n<p>Janv.2017-janv.2019. La vie \u00e0 l&#8217;\u0153uvre. Explorer les potentialit\u00e9s du bioart et du biodesign, membre active avec Ludovic Jullien et Lia Giraud du programme dirig\u00e9 par Perig Pitrou, soutenu par PSL. Ce projet r\u00e9unit des acteurs provenant de diverses institutions de PSL (\u00e9coles d&#8217;art et design, laboratoires de sciences de la nature et de sciences humaines et sociales) pour explorer les potentialit\u00e9s repr\u00e9sent\u00e9es par les transferts de biotechnologies dans des pratiques artistiques, artisanales et industrielles se d\u00e9veloppant dans les domaines du bioart et le biodesign.<\/p>\n<p>20-21 Sept. 2016. The FOLD, Colloque EnsAD-ESPCI-Humboldt University-MPI Podsdam. Co-organisatrice avec Beno\u00eet Roman (ESPCI, Paris), Michael Friedman (Humboldt University) et Peter Fratzl (dir. Du Max Plack Institute of Colloides and interfaces). Le colloque avait pour objectif de r\u00e9unir deux disciplines diff\u00e9rentes: la m\u00e9canique et la morphog\u00e9n\u00e8se des (bio)-mat\u00e9riaux d&#8217;une part et la philosophie d&#8217;autre part.<\/p>\n<p>Juin. 2009-f\u00e9v. 2010. Changer de peau : Organisation de deux \u00e9v\u00e8nements permettant la formation de bin\u00f4mes artiste-scientifique, l&#8217;instauration d&#8217;\u00e9changes (chacun se mettant \u00e0 la place de l&#8217;autre), et une restitution. Organis\u00e9 avec Paris 8 et l&#8217;ESPCI, Paris.<\/p>\n<p>31 Mai-1er juin 2007. Eur\u00eaka, le moment de l&#8217;invention, organisation avec Ivan Toulouse du colloque avec des intervenants artistes et scientifiques, mai 2007, Universit\u00e9 Paris 8 et \u00a0ESPCI.<\/p>\n<h2>\u30a4\u30f3\u30bf\u30fc\u30d9\u30f3\u30b7\u30e7\u30f3-\u30a2\u30fc\u30c8\u306b\u304a\u3051\u308b\u30b3\u30df\u30e5\u30cb\u30b1\u30fc\u30b7\u30e7\u30f3<\/h2>\n<p>\u00c0 venir (report\u00e9 pour cause de coronavirus): Les mat\u00e9riaux \u00e9mergents \u00e0 l&#8217;\u00e9preuve de l&#8217;art contemporain, \u00ab\u00a0Chimie et Art\u00a0\u00bb, Journ\u00e9es de la Chimie, X, ENS, ESPCI.<\/p>\n<p>\u00c0 venir &#8211; report\u00e9 pour cause du coronavirus. Pr\u00e9sentation de mes \u0153uvres sur l&#8217;ADN pour \u00ab\u00a0Le 21\u00e8me si\u00e8cle, le si\u00e8cle de l&#8217;ADN? \u00bb, campus num\u00e9rique de Ionis Education group, Sup&#8217;Biotech.<\/p>\n<p>2 mars 2020. La mati\u00e8re EST forme, Galerie L&#8217;ahah, \u00e0 l&#8217;occasion de l&#8217;exposition\u00a0de Ran Zhang,\u00a0Resolution of Traits,\u00a025-27 mars 2020, espace d&#8217;exposition #Griset, 4 cit\u00e9 Griset, Paris.<\/p>\n<p>2020\u5e742\u670818\u65e5SNSF Scientific Image Competition (SSIC) 2020\u5be9\u67fb\u54e1\uff08\u30b9\u30a4\u30b9\u30fb\u30d9\u30eb\u30f3\uff09\u3002.<\/p>\n<p>27-30 nov. 2019. Things to think about. When what we touch can touch us deeply, conf\u00e9rence internationale Arts &amp; Science, Mus\u00e9e national Marc Chagall, Universit\u00e9 C\u00f4te d&#8217;Azur, Nice.<\/p>\n<p>2019\u5e7411\u6708\uff5e12\u6708LVMH Recherche\u306e\u305f\u3081\u306eSMART\u7d20\u6750\u306e\u30a4\u30ce\u30d9\u30fc\u30b7\u30e7\u30f3\u30ef\u30fc\u30af\u30b7\u30e7\u30c3\u30d7\u3002.<\/p>\n<p>2019\u5e749\u670824-25\u65e5\u30d0\u30a4\u30aa\u30df\u30e1\u30b7\u30b9\u5bfe\u30d0\u30a4\u30aa\u30df\u30df\u30af\u30ea\u30fc\u3001Rencontres Techniques&amp;Culture \u00abBiomim\u00e9tisme(s).\u751f\u7269\u306e\u6a21\u5023\u3068\u751f\u547d\u306e\u30e2\u30c7\u30eb\u5316\u300d\u3001Mucem\u3001\u30de\u30eb\u30bb\u30a4\u30e6\u3002.<\/p>\n<p>13 juin 2019. Les gouttelettes comme unit\u00e9s d&#8217;information, Symposum international \u00ab\u00a0Garden the sky water\u00a0\u00bb, Cit\u00e9 Internationale des Arts, Paris.<\/p>\n<p>11-21 juin 2019. Ateliers de cr\u00e9ation \u00ab\u00a0art et science\u00a0\u00bb pour LVMH Recherche, commandit\u00e9 par Bruno Bavouzet, pr\u00e9sident de LVMH Recherche. Une toute nouvelle exp\u00e9rience, \u00e9tablissant un premier jalon pour le rapprochement de la recherche et de l&#8217;art contemporain au sein m\u00eame de LVMH.<\/p>\n<p>12 d\u00e9c. 2018. Intervention sur le film Seul sur Mars, de R. Scott, pour le cycle \u00ab Pr\u00e9sences extraterrestres \u00bb, Les vies humaines dans l&#8217;espace, organis\u00e9 par Roland Lehoucq, Perig Pitrou et Jean-S\u00e9bastien Steyer au cin\u00e9ma Grand Action, Paris.<\/p>\n<p>2018\u5e7410\u670812\u65e5\u57fa\u8abf\u8b1b\u6f14\u3001Art and Matter: a Matter of Life\u3001\u7b2c55\u56de\u5de5\u5b66\u4f1a\u6280\u8853\u5927\u4f1a\u3001\u30de\u30c9\u30ea\u30c3\u30c9\u3001\u30b9\u30da\u30a4\u30f3\uff08\u62db\u5f85\uff09\u3002.<\/p>\n<p>2018\u5e748\u670829\u65e5Keynote, In formation &amp; information in living materials, Solvay Workshop, Brussels, Belgium\uff08\u62db\u5f85\u8b1b\u6f14\uff09\u3002.<\/p>\n<p>27 juin 2018. Machines organiques, Journ\u00e9es d&#8217;\u00e9tudes &#8220;Le sensible artificiel&#8221;, Maison des Sciences de l&#8217;Homme Paris-Nord.<\/p>\n<p>2018\u5e742\u670815-16\u65e5\u30ef\u30fc\u30af\u30b7\u30e7\u30c3\u30d7\u300cDesign, Gestaltung, Formativit\u00e0\u300d\uff08\u30c9\u30a4\u30c4\u3001\u30d5\u30f3\u30dc\u30eb\u30c8\u5927\u5b66\uff08\u30d9\u30eb\u30ea\u30f3\uff09\u304a\u3088\u3073\u30de\u30c3\u30af\u30b9\u30fb\u30d7\u30e9\u30f3\u30af\u7814\u7a76\u6240\uff08\u30dd\u30c4\u30c0\u30e0\uff09\uff09\u306e\u305f\u3081\u306e\u3001\u751f\u304d\u305f\u7d20\u6750\u306b\u304a\u3051\u308b\u60c5\u5831\u3068\u30a4\u30f3\u30d5\u30a9\u30e1\u30fc\u30b7\u30e7\u30f3\uff08\u62db\u5f85\uff09\u3002.<\/p>\n<p>12 oct. 2017. La marche vers les machines organiques, pour la conf\u00e9rence \u00ab\u00a0L&#8217;avenir des machines\u00a0: entre science et fiction\u00a0?\u00bb, festival Acc\u00e8)s(, Pau.<\/p>\n<p>16-17 oct 2017. Mati\u00e8re vivante, pour le colloque La vie \u00e0 l&#8217;\u0153uvre. Nouvelles \u00e9cologies, bioart, biodesign, au Mus\u00e9e de la Chasse, Paris.<\/p>\n<p>21 juin 2017. Vivant. Les formes de l&#8217;information, pour le workshop \u00ab\u00a0Explorations Interdisciplinaires autour du vivant. Sciences et art \u00e0 PSL\u00a0\u00bb, ESPCI , Paris.<\/p>\n<p>2017\u5e746\u67081\u65e5\u30dd\u30f3\u30d4\u30c9\u30a5\u30fc\u30fb\u30bb\u30f3\u30bf\u30fc\uff08\u30d1\u30ea\uff09\u3067\u958b\u50ac\u3055\u308c\u305f\u300cResponsive Matter\uff08\u53cd\u5fdc\u3059\u308b\u7269\u8cea\uff09\u300d\u4f1a\u8b70\u306e\u30aa\u30fc\u30d7\u30cb\u30f3\u30b0\u3068\u8b1b\u6f14\u3002.<\/p>\n<p>30 Apr 2017.Mati\u00e8re d\u00e9sirante, de la machine \u00e0 la mati\u00e8re vivante, for the meetings: \u00abLes machines utopiques\u00bb, at the Gait\u00e9 Lyrique, Paris.<\/p>\n<p>10 nov. 2016. Nouvelles peaux. Une relation d&#8217;intelligence entre nous et notre v\u00eatement, s\u00e9minaire de recherche \u00ab\u00a0Anthropologie des mondes de la mode. La main au regard de la machine. Que reste-t-il pour la main\u00a0?\u00a0\u00bb, EHESS, Paris.<\/p>\n<p>9 juin 2016. Data-matter et mati\u00e8re programmable\u00a0: table ronde \u00ab\u00a0Data Matters\u00a0?\u00a0\u00bb organis\u00e9e autour de l&#8217;\u0153uvre de Mathieu Briand Memories Memories, Espace Pierre Gilles de Gennes, Paris.<\/p>\n<p>26 mai 2016. Lancement du livre L&#8217;Image-Mati\u00e8re \u00e0 Paris. Table ronde avec Manuela de Barros et Dominique Lestel, La Paillasse, Paris.<\/p>\n<p>18 mai 2016. Lancement du livre L&#8217;Image-Mati\u00e8re \u00e0 Poitiers. Table ronde avec Perig Pitrou et Thierry Ferreira, le Lieu Multiple, Poitiers.<\/p>\n<p>2 avr. 2016. Interview avec Lia Giraud sur le radio de l&#8217;ENS\u00a0: TrENSmission sur nos parcours art&amp;science<\/p>\n<p>23 mars 2016. Carving Material Properties. The emergent materials in contemporary art. Intervention pour l&#8217;International Symposium on Two-Dimensional Layered Materials and Art: Two Worlds Meet, March 23-25, 2016, IM\u00e9RA, Marseille. Retransmission sur internet en streaming.<\/p>\n<p>13 Feb 2016.\u30d7\u30ed\u30b0\u30e9\u30df\u30f3\u30b0\u4e8b\u9805\u3002\u30d7\u30ec\u30bc\u30f3\u30c6\u30fc\u30b7\u30e7\u30f3-\u30c7\u30a3\u30d9\u30fc\u30c8\u3001Centre Jean-Roger Caussimon\u3001Tremblay en France\u3001\u5f7c\u306e\u82b8\u8853\u7684\u30ec\u30b8\u30c7\u30f3\u30b9\u306e\u4e00\u74b0\u3068\u3057\u3066\u3001Lieu multiple\u3001Poitiers\u3068\u306e\u30d1\u30fc\u30c8\u30ca\u30fc\u30b7\u30c3\u30d7\u3002.<\/p>\n<p>4 mai 2015. Le courage du chercheur-explorateur. Petite chronique illustr\u00e9e d&#8217;une recherche par s\u00e9rendipit\u00e9, Interf\u00e9rences_VIDA, coupl\u00e9es avec un atelier d&#8217;Histoire et de Philosophie des Sciences, Universit\u00e9 Pierre et Marie Curie (UPMC), Paris.<\/p>\n<p>2015\u5e743\u670826\u65e5Through the fold : Cross-pleated of philosophy, contemporary art and applied arts, colloquium Folding and creasing of thin plate structures, GDR MePhy, Mechanics and physics of complex systems.ESPCI, Paris V\u00e8me.<\/p>\n<p>13 2014\u5e7411\u6708Mati\u00e8re \u00e0 deux temps : \u00e9quilibre dynamique, Rencontre Recherche et cr\u00e9ation, temporalit\u00e9s, Labex ARTS-H2H, Galerie Rhinoc\u00e9ros et cie, 156 bd Haussman, Paris.<\/p>\n<p>6 mars 2014. La mati\u00e8re EST le m\u00e9canisme. Les mat\u00e9riaux responsifs et l&#8217;art contemporain. Dorkbot #46 (Doing strange things with electricity), Paris.<\/p>\n<p>2013\u5e749\u670819-20\u65e5\u3002ABC.\u30e2\u30fc\u30bf\u30fc\u306a\u3057\u3067\u52d5\u304f\uff1a\u82b8\u8853\u5bb6\u3068\u305d\u306e\u52d5\u304f\u751f\u304d\u7269\u306e\u884c\u52d5\u3002\u30e0\u30fc\u30d3\u30f3\u30b0\u30fb\u30a6\u30a3\u30ba\u30a2\u30a6\u30c8\u30fb\u30de\u30c3\u30b9\u30eb\uff08MWM\uff09\u4f1a\u8b70\u3001\u30b0\u30eb\u30ce\u30fc\u30d6\u30eb\u5b66\u969b\u7814\u7a76\u6240\u3002.<\/p>\n<p>2013\u5e745\u670823\u65e5\u7814\u7a76\u9032\u884c\u4e2d\u3001Labex DEEP\u5e74\u6b21\u5927\u4f1a\u306e\u305f\u3081\u3001\u30ad\u30e5\u30ea\u30fc\u5927\u5b66\u3001\u30d1\u30ea\u3002.<\/p>\n<p>2013\u5e744\u670811\u65e5\u30d1\u30ea\u30fb\u30c7\u30ab\u30eb\u30c8\u5927\u5b66\u7814\u7a76\u5b66\u969b\u30bb\u30f3\u30bf\u30fc\uff08CRI\uff09\u306e\u30d0\u30a4\u30aa\u30e1\u30ab\u30cb\u30af\u30b9\u3001\u30de\u30a4\u30af\u30ed\u30a8\u30f3\u30b8\u30cb\u30a2\u30ea\u30f3\u30b0\u3001\u30ca\u30ce\u30c6\u30af\u30ce\u30ed\u30b8\u30fc\u30bb\u30df\u30ca\u30fc\u3067\u767a\u8868\u3002.<\/p>\n<p>21 f\u00e9v. 2013. Intervention et d\u00e9bat pour Math\u00e9matiques sensibles dans le cadre de &#8220;La science se livre&#8221; au Cube, Issy-les-Moulineaux.<\/p>\n<p>26 janv. 2013. Le nanomonde\u00a0: une nouvelle \u00ab\u00a0h\u00e9t\u00e9rotopie\u00a0\u00bb\u00a0? Pour la conf\u00e9rence \u00ab\u00a0L&#8217;art \u00e0 l&#8217;\u00e9chelle nanoscopique\u00a0\u00bb, Centre Pompidou, Paris.<\/p>\n<p>9-10. Oct. 2012. Modulations mentales, modus operandi, Historique sur l&#8217;art et les ondes mentales, pour les journ\u00e9es \u00ab\u00a0Interfaces neuronales : de la pens\u00e9e \u00e0 l&#8217;action\u00a0\u00bb, St\u00e9r\u00e9olux, Nantes.<\/p>\nMai 2011. Visite \u00e0 deux voix, art &amp; science, au sujet de l&#8217;exposition \u00ab\u00a0Qui a \u00e9teint la lumi\u00e8re\u00a0?\u00a0\u00bb MacVal \/ Explorad\u00f4me, Vitry sur Seine.<br \/>\n.<br \/>\nMars 2011. Percoler, intervention sur l&#8217;art et la science \u00e0 Universcience, Paris.\n<p>Juin 2010. YI SANG | GNAS IY et le retournement temporel. Intervention sur l&#8217;inspiration scientifique du po\u00e8te cor\u00e9en Yi Sang, festival \u00ab\u00a0Yi Sang \u00e0 Paris\u00a0\u00bb, \u00e0 la G\u00e9n\u00e9rale, Paris.<\/p>\n<p>Mai 2009. Les gestes de la m\u00e9moire, journ\u00e9e d&#8217;\u00e9tude \u00ab\u00a0Mobile Immobile\u00a0\u00bb, \u00e9quipe de recherche Esth\u00e9tique des nouveaux m\u00e9dias, Universit\u00e9 Paris 8, Saint-Denis.<\/p>\n<p>Mai 2009. L&#8217;inventivit\u00e9\u00a0d\u00e9crite comme la percolation parataxique d&#8217;\u00eelots de pens\u00e9e structur\u00e9e au sein de l&#8217;informel. Journ\u00e9es scientifiques de l&#8217;Universit\u00e9 de Rennes2, \u00ab\u00a0Technique et creation&#8221;, Rennes.<\/p>\n<p>5 mars 2009. Electro-enc\u00e9phalo-gramophonies, Intervention sur l&#8217;Histoire des ondes mentales dans l&#8217;art, pour les Jeudis de Gakona, Brainwaves, Palais de Tokyo, Paris.<\/p>\n<p>2008. Inventer son chemin, petite fresque heuristique, Colloque \u00ab\u00a0Eur\u00eaka, le moment de l&#8217;invention\u00a0\u00bb, Paris\u00a08 et ESPCI, Paris.<\/p>\n<p>&nbsp;<\/p>\n\t<h2>\u9762\u63a5\u4ecb\u5165<\/h2>\n\t<iframe loading=\"lazy\" title=\"\u30d5\u30a7\u30b9\u30c6\u30a3\u30d0\u30eb\u30fb\u30a2\u30af\u30bb( # 17 - \u30bb\u30f3\u30b7\u30c6\u30a3\u30d6\u30fb\u30de\u30b7\u30f3 : Dominique Peysson\" src=\"https:\/\/player.vimeo.com\/video\/253392554?dnt=1&amp;app_id=122963\" width=\"930\" height=\"523\" frameborder=\"0\" allow=\"autoplay; fullscreen\" allowfullscreen><\/iframe>\n\t<iframe loading=\"lazy\" title=\"\u30c9\u30df\u30cb\u30af\u30fb\u30da\u30a4\u30bd\u30f3\u306b\u300eL&#039;image-mati\u00e8re\u300f\uff08\u30c7\u30a3\u30b9\u30fb\u30f4\u30a9\u30ef\u30fc\u30eb\u51fa\u7248\uff09\u306b\u3064\u3044\u3066\u805e\u304f\" src=\"https:\/\/player.vimeo.com\/video\/245150410?dnt=1&amp;app_id=122963\" width=\"640\" height=\"360\" frameborder=\"0\" allow=\"autoplay; fullscreen\" allowfullscreen><\/iframe>\n\t<iframe loading=\"lazy\" title=\"Rencontres \u30a2\u30fc\u30c8\uff06\u30b5\u30a4\u30a8\u30f3\u30b9 \/ \u30ec\u30af\u30c1\u30e3\u30fc3.\u30c9\u30df\u30cb\u30af\u30fb\u30da\u30a4\u30bd\u30f3 - 2019\u5e7411\u670830\u65e5\" width=\"930\" height=\"523\" src=\"https:\/\/www.youtube.com\/embed\/NDxDT6bM0H0?feature=oembed\" frameborder=\"0\" allow=\"accelerometer; autoplay; clipboard-write; encrypted-media; gyroscope; picture-in-picture\" allowfullscreen><\/iframe>\n\t<iframe loading=\"lazy\" title=\"\u7814\u7a76\u30fb\u5236\u4f5c\uff1a\u30c9\u30df\u30cb\u30af\u30fb\u30da\u30a4\u30bd\u30f3\u3001\u30a8\u30de\u30cb\u30e5\u30a8\u30eb\u30fb\u30d5\u30a7\u30e9\u30f3\" src=\"https:\/\/player.vimeo.com\/video\/114543594?dnt=1&amp;app_id=122963\" width=\"930\" height=\"523\" frameborder=\"0\" allow=\"autoplay; fullscreen\" allowfullscreen><\/iframe>\n\t<iframe loading=\"lazy\" title=\"\u30c9\u30df\u30cb\u30af\u30fb\u30da\u30a4\u30bd\u30f3\u3001ENSAD\u3001\u30d1\u30ea\" width=\"930\" height=\"523\" src=\"https:\/\/www.youtube.com\/embed\/qFuLHcoH_Bo?feature=oembed\" frameborder=\"0\" allow=\"accelerometer; autoplay; clipboard-write; encrypted-media; gyroscope; picture-in-picture\" allowfullscreen><\/iframe>\n\t<iframe loading=\"lazy\" title=\"\u30c9\u30df\u30cb\u30af\u30fb\u30da\u30a4\u30bd\u30f3\" src=\"https:\/\/player.vimeo.com\/video\/239070185?dnt=1&amp;app_id=122963\" width=\"930\" height=\"523\" frameborder=\"0\" allow=\"autoplay; fullscreen\" allowfullscreen><\/iframe>\n\t<iframe loading=\"lazy\" title=\"# 17 \/\/ \u6a5f\u68b0\u306e\u672a\u6765\uff1a\u65b0\u3057\u3044\u7a2e\u3078\uff1f\" src=\"https:\/\/player.vimeo.com\/video\/246302857?dnt=1&amp;app_id=122963\" width=\"930\" height=\"523\" frameborder=\"0\" allow=\"autoplay; fullscreen\" allowfullscreen><\/iframe>\n\t<iframe loading=\"lazy\" title=\"\u30b5\u30b9\u30da\u30f3\u30c7\u30c3\u30c9\u30fb\u30e2\u30fc\u30e1\u30f3\u30c8 - \u30b9\u30bf\u30fc\u30c4\u30fb\u30ec\u30b8\u30c7\u30f3\u30b7\u30fc\u30fb\u30c7\u30a4\u30ba\" width=\"930\" height=\"523\" src=\"https:\/\/www.youtube.com\/embed\/J4rCE9CiqEM?feature=oembed\" frameborder=\"0\" allow=\"accelerometer; autoplay; clipboard-write; encrypted-media; gyroscope; picture-in-picture\" allowfullscreen><\/iframe>\n\t<h2>\n\t\t\t\t\t\u30ef\u30fc\u30af\u30b7\u30e7\u30c3\u30d7\n\t\t\t\t<\/h2>\n\t\t\t<p>9, rue du Gu\u00e992500 Rueil-Malmaison<\/p>\t\t\n\t<iframe src=\"https:\/\/www.google.com\/maps\/embed\/v1\/place?key=AIzaSyD09zQ9PNDNNy9TadMuzRV_UsPUoWKntt8&#038;q=9+rue+du+Gu%C3%A9+92500+Rueil-Malmaison\"><\/iframe>","protected":false},"excerpt":{"rendered":"<p>Bio Dominique Peysson est n\u00e9e en 1968 et vit en r\u00e9gion parisienne. Elle est artiste plasticienne, apr\u00e8s avoir \u00e9t\u00e9 chercheuse en physique. Promouvant la rencontre fertile entre les arts contemporains et les sciences, elle pr\u00e9f\u00e8re cependant la po\u00e9sie, l&#8217;humour, la magie et l&#8217;\u00e9tranget\u00e9 \u00e0 la d\u00e9monstration de puissance. Ses \u0153uvres, [&hellip;]<\/p>","protected":false},"author":1,"featured_media":227,"parent":0,"menu_order":0,"comment_status":"closed","ping_status":"closed","template":"","meta":{"inspiro_page_layout":"narrow","inspiro_hide_title":false,"footnotes":""},"class_list":["post-2","page","type-page","status-publish","has-post-thumbnail","hentry"],"jetpack_sharing_enabled":true,"_links":{"self":[{"href":"https:\/\/dominiquepeysson.net\/ja\/wp-json\/wp\/v2\/pages\/2","targetHints":{"allow":["GET"]}}],"collection":[{"href":"https:\/\/dominiquepeysson.net\/ja\/wp-json\/wp\/v2\/pages"}],"about":[{"href":"https:\/\/dominiquepeysson.net\/ja\/wp-json\/wp\/v2\/types\/page"}],"author":[{"embeddable":true,"href":"https:\/\/dominiquepeysson.net\/ja\/wp-json\/wp\/v2\/users\/1"}],"replies":[{"embeddable":true,"href":"https:\/\/dominiquepeysson.net\/ja\/wp-json\/wp\/v2\/comments?post=2"}],"version-history":[{"count":21,"href":"https:\/\/dominiquepeysson.net\/ja\/wp-json\/wp\/v2\/pages\/2\/revisions"}],"predecessor-version":[{"id":644,"href":"https:\/\/dominiquepeysson.net\/ja\/wp-json\/wp\/v2\/pages\/2\/revisions\/644"}],"wp:featuredmedia":[{"embeddable":true,"href":"https:\/\/dominiquepeysson.net\/ja\/wp-json\/wp\/v2\/media\/227"}],"wp:attachment":[{"href":"https:\/\/dominiquepeysson.net\/ja\/wp-json\/wp\/v2\/media?parent=2"}],"curies":[{"name":"wp","href":"https:\/\/api.w.org\/{rel}","templated":true}]}}