{"id":76,"date":"2020-07-10T18:11:12","date_gmt":"2020-07-10T18:11:12","guid":{"rendered":"https:\/\/site.dominiquepeysson.net\/?post_type=portfolio_item&#038;p=76"},"modified":"2020-12-15T10:19:26","modified_gmt":"2020-12-15T10:19:26","slug":"correlacion-movil","status":"publish","type":"portfolio_item","link":"https:\/\/dominiquepeysson.net\/es\/proyecto\/correlacion-movil\/","title":{"rendered":"Correlaci\u00f3n m\u00f3vil"},"content":{"rendered":"<p><strong>Actuaci\u00f3n filmada con tel\u00e9fono m\u00f3vil, 2008<\/strong><\/p>\nFestival de cine de bolsillo<br \/>\nProyecto de tubo m\u00f3vil\n<p>Gracias a los participantes, alumnos del curso de Gwenola Wagon, M2 Plastic Arts, 2008, Paris 8.<\/p>\n\t\t\t\t<img data-recalc-dims=\"1\" loading=\"lazy\" decoding=\"async\" src=\"https:\/\/i0.wp.com\/site.dominiquepeysson.net\/wp-content\/uploads\/2020\/07\/002-9.jpg?resize=701%2C646&#038;ssl=1\" alt=\"002\" itemprop=\"image\" height=\"646\" width=\"701\" title=\"002\" onerror=\"this.style.display='none'\"  \/>\n\t<p>Las personas presentes en la plaza de Beaubourg son filmadas desde un punto fijo. Entre los presentes se encuentran dispersos los participantes en esta actuaci\u00f3n. Al comienzo de la experiencia, todos llaman a un servicio de conferencia en l\u00ednea gratuito, que les permite unirse en la misma l\u00ednea. Previamente se ha definido un c\u00f3digo de viaje que indica la direcci\u00f3n del viaje y su ritmo. Tambi\u00e9n es posible operar una reuni\u00f3n de participantes hacia un punto central, as\u00ed como su dispersi\u00f3n aleatoria dentro de la multitud. El resultado se filma seg\u00fan un plano secuencia. Inicialmente, no es posible distinguir a los participantes de las dem\u00e1s personas presentes. De repente nuestro cerebro har\u00e1 la distinci\u00f3n y percibiremos, entre los movimientos aleatorios de las personas presentes, los movimientos que se coordinan seg\u00fan las directivas que escuchamos en la cinta. A continuaci\u00f3n, asistimos a una especie de coreograf\u00eda dirigida por el tel\u00e9fono m\u00f3vil.<\/p>\n<p>Plus d&#8217;infos sur la perception visuelle de la coh\u00e9rence d&#8217;un mouvement avec les notes de cours du professeur David Heeger de NY University <a href=\"http:\/\/www.cns.nyu.edu\/~david\/courses\/perception\/lecturenotes\/motion\/motion.html\">aqu\u00ed<\/a>.<\/p>\n\t<iframe loading=\"lazy\" title=\"Correlaci\u00f3n m\u00f3vil\" src=\"https:\/\/player.vimeo.com\/video\/140113463?dnt=1&amp;app_id=122963\" width=\"640\" height=\"480\" frameborder=\"0\" allow=\"autoplay; fullscreen\" allowfullscreen><\/iframe>","protected":false},"excerpt":{"rendered":"<p>Performance filmada para tel\u00e9fono m\u00f3vil, 2008 Pocket Film Festival Mobile Tube Project Gracias a los participantes, alumnos del curso de Gwenola Wagon, M2 Artes Pl\u00e1sticas, 2008, Par\u00eds 8. Las personas presentes en la plaza Beaubourg son filmadas desde un punto fijo. Entre los presentes se encuentran dispersos los participantes en [\u2026]<\/p>","protected":false},"author":1,"featured_media":110,"comment_status":"open","ping_status":"closed","template":"","meta":[],"portfolio":[3,7],"class_list":["post-76","portfolio_item","type-portfolio_item","status-publish","has-post-thumbnail","hentry","portfolio-performances","portfolio-video"],"jetpack_sharing_enabled":true,"_links":{"self":[{"href":"https:\/\/dominiquepeysson.net\/es\/wp-json\/wp\/v2\/portfolio_item\/76","targetHints":{"allow":["GET"]}}],"collection":[{"href":"https:\/\/dominiquepeysson.net\/es\/wp-json\/wp\/v2\/portfolio_item"}],"about":[{"href":"https:\/\/dominiquepeysson.net\/es\/wp-json\/wp\/v2\/types\/portfolio_item"}],"author":[{"embeddable":true,"href":"https:\/\/dominiquepeysson.net\/es\/wp-json\/wp\/v2\/users\/1"}],"replies":[{"embeddable":true,"href":"https:\/\/dominiquepeysson.net\/es\/wp-json\/wp\/v2\/comments?post=76"}],"wp:featuredmedia":[{"embeddable":true,"href":"https:\/\/dominiquepeysson.net\/es\/wp-json\/wp\/v2\/media\/110"}],"wp:attachment":[{"href":"https:\/\/dominiquepeysson.net\/es\/wp-json\/wp\/v2\/media?parent=76"}],"wp:term":[{"taxonomy":"portfolio","embeddable":true,"href":"https:\/\/dominiquepeysson.net\/es\/wp-json\/wp\/v2\/portfolio?post=76"}],"curies":[{"name":"wp","href":"https:\/\/api.w.org\/{rel}","templated":true}]}}