{"id":499,"date":"2022-05-10T12:30:55","date_gmt":"2022-05-10T12:30:55","guid":{"rendered":"https:\/\/dominiquepeysson.net\/?post_type=portfolio_item&#038;p=499"},"modified":"2023-10-02T13:33:13","modified_gmt":"2023-10-02T13:33:13","slug":"filogenesis-inversa","status":"publish","type":"portfolio_item","link":"https:\/\/dominiquepeysson.net\/es\/proyecto\/filogenesis-inversa\/","title":{"rendered":"Filog\u00e9nesis inversa"},"content":{"rendered":"<h4>\n\t\t\t\t\tGolnaz Behrouznia &#038; Dominique Peysson, en collaboration avec R\u00e9mi Boulnois\n\t\t\t\t<\/h4>\n\t<p><strong>2022<\/strong><\/p>\n<p>UN MUS\u00c9UM D&#8217;HISTOIRE NATURELLE PARALL\u00c8LE<\/p>\n<strong>Escenograf\u00eda R\u00e9mi Boulnois<\/strong><br \/>\n<strong>Dise\u00f1o de sonido Florent Colautti<\/strong>\n\t<p>Passionn\u00e9es par le vivant, Golnaz Behrouznia et moi avons imagin\u00e9 ensemble le concept de l&#8217;exposition <strong><em>Filog\u00e9nesis inversa<\/em><\/strong>. Il s&#8217;agit d&#8217;un parcours mettant en sc\u00e8ne douze de nos \u0153uvres, \u00e0 partir desquelles nous cr\u00e9ons une logique entre fiction et sciences naturelles. Un travail trans-m\u00e9dia et litt\u00e9raire, issu de notre imaginaire.<\/p>\n\t<p>Tr\u00e8s r\u00e9cemment, des biologistes ont d\u00e9couvert une esp\u00e8ce de m\u00e9duse capable d&#8217;op\u00e9rer une v\u00e9ritable inversion de son cycle de vie, lui permettant de retourner \u00e0 un \u00e9tat cellulaire ant\u00e9rieur. Serait-il possible que certaines esp\u00e8ces vivantes puissent suivre un processus de rajeunissement au fil du temps, et remonter ainsi l&#8217;arbre phylog\u00e9n\u00e9tique ? Un processus de d\u00e9s-\u00e9volution que les scientifiques pourraient appeler la \u00ab phylogen\u00e8se inverse \u00bb.<\/p>\n<p>Les d\u00e9couvertes de mol\u00e9cules organiques dans l&#8217;espace, notamment sur la com\u00e8te Tchouri, r\u00e9actualisent la question de l&#8217;\u00e9mergence de la vie \u00e0 partir de mati\u00e8re inerte dans un monde pr\u00e9-biotique. Au cours du temps, l&#8217;\u00e9volution a permis d&#8217;explorer une extraordinaire diversit\u00e9 de syst\u00e8mes, une faune incroyable dont les traces persistent sous forme fossile dans le schiste de Burgess. Seules ont perdur\u00e9 les formes les plus robustes dont nous connaissons les descendants actuels. Les exp\u00e9rimentations du vivant sont maintenant beaucoup moins diversifi\u00e9es.<\/p>\n\t<p><strong>Quelles pourraient \u00eatre les formes de vie produites par un tel processus d&#8217;inversion phylog\u00e9n\u00e9tique au 21\u00e8me si\u00e8cle?<\/strong><\/p>\n\t\t\t\t<img data-recalc-dims=\"1\" loading=\"lazy\" decoding=\"async\" src=\"https:\/\/i0.wp.com\/dominiquepeysson.net\/wp-content\/uploads\/2022\/05\/catel02.jpg?resize=930%2C930&#038;ssl=1\" alt=\"catel02\" itemprop=\"image\" height=\"930\" width=\"930\" title=\"catel02\" onerror=\"this.style.display='none'\"  \/>\n\t\t\t\t<img data-recalc-dims=\"1\" loading=\"lazy\" decoding=\"async\" src=\"https:\/\/i0.wp.com\/dominiquepeysson.net\/wp-content\/uploads\/2022\/05\/Cartel0bis.jpg?resize=930%2C929&#038;ssl=1\" alt=\"Cartel0bis\" itemprop=\"image\" height=\"929\" width=\"930\" title=\"Cartel0bis\" onerror=\"this.style.display='none'\"  \/>\n\t\u00ab Phylogen\u00e8se inverse \u00bb envisage une d\u00e9s-\u00e9volution qui permettrait d&#8217;explorer \u00e0 nouveau, avec une extr\u00eame libert\u00e9, des formes de vie vari\u00e9es, extravagantes, aux \u00e9tranges anatomies et aux fonctionnements \u00e9nigmatiques.<br \/>\nLe mini-mus\u00e9um pr\u00e9sent\u00e9 ici se r\u00e9approprie les inconnus du vivant. Il questionne les formes \u00e9mergeant de notre imaginaire contemporain, m\u00ealant le vivant, l&#8217;artifice et les technologies humaines. Un face \u00e0 face avec les questions fondamentales que sont la nature de la vie ou le destin de l&#8217;\u00e9volution biologique sur terre.\n\t<iframe loading=\"lazy\" title=\"Filog\u00e9nesis inversa\" src=\"https:\/\/player.vimeo.com\/video\/706919679?h=bedeb343b9&amp;dnt=1&amp;app_id=122963\" width=\"930\" height=\"523\" frameborder=\"0\" allow=\"autoplay; fullscreen; picture-in-picture\" allowfullscreen><\/iframe>\n\t<p>\u00ab Phylogen\u00e8se inverse \u00bb, entre formes plastiques, num\u00e9riques, audiovisuelles et textuelles, est une proposition qui se veut d\u00e9cal\u00e9e et po\u00e9tique, mais qui se caract\u00e9rise en m\u00eame temps, de mani\u00e8re d\u00e9tourn\u00e9e, par un ancrage fort dans le r\u00e9el. Car c&#8217;est au travers de formes sensibles que nous pourrons nous constituer de nouveaux imaginaires du vivant, plus riches, plus complets, plus ouverts aussi. \u00ab Phylogen\u00e8se inverse \u00bb conduit le spectateur \u00e0 se r\u00e9interroger sur ce que peut \u00eatre \u00ab le vivant \u00bb et \u00ab la vie \u00bb.<\/p>\n<p>Sign\u00e9 par R\u00e9mi Boulnois, le parcours sc\u00e9nographique ainsi que le design des lumi\u00e8res, sont propos\u00e9s de mani\u00e8re \u00e0 recr\u00e9er l&#8217;ambiance d&#8217;un museum scientifique. La sc\u00e9nographie est accompagn\u00e9e par une cr\u00e9ation sonore de Florent Colautti, qui assure la coh\u00e9rence de l&#8217;ensemble.<\/p>\nLos artistas nos llevan all\u00ed, en el tiempo retrocediendo. Reimaginar un ser vivo que proviene de casi las mismas limitaciones, las mismas leyes que los organismos actuales, pero que escapa a la clasificaci\u00f3n.<br \/>\nDes formes de vie qui s&#8217;essaient \u00e0 diff\u00e9rents moyens de respiration, de nutrition, de mise en mouvement, de m\u00e9tamorphoses, en interactions avec leur milieu&#8230;<br \/>\nL&#8217;exposition se termine au temps z\u00e9ro, cet instant suspendu o\u00f9 la mati\u00e8re inerte est pour le premi\u00e8re fois devenue vivante. Le point origine du fil de la vie.\n\tLe rajeunissement selon le biologiste Braun peut-\u00eatre soit individuel avec un retour \u00e0 une forme ant\u00e9rieure (nous sommes toujours sujets \u00e0 la force de rajeunissement qui continue \u00e0 sculpter notre corps), soit plus global, avec le rajeunissement de l&#8217;esp\u00e8ce \u00e0 travers la succession des individus.<br \/>\nLe vivant n&#8217;est pas un \u00e9tat stable : il se maintient dans son \u00e9tat par la gestion en continu des flux de croissance et de destruction, d&#8217;absorption et de rejet. De rajeunissement et de vieillissement. Jeunesse et vieillesse sont des forces organiques et spirituelles sans cesse \u00e0 l&#8217;oeuvre et qui s&#8217;opposent constamment. Si le rajeunissement prend le pas, pourquoi ne pas imaginer la possibilit\u00e9 d&#8217;une des-\u00e9volution, et le retour \u00e0 la libert\u00e9 d&#8217;une \u00ab phylogen\u00e8se inverse \u00bb.\n\t\t\t\t<img data-recalc-dims=\"1\" loading=\"lazy\" decoding=\"async\" src=\"https:\/\/i0.wp.com\/dominiquepeysson.net\/wp-content\/uploads\/2022\/05\/Cartel0insitu1.jpg?resize=930%2C699&#038;ssl=1\" alt=\"Cartel0insitu1\" itemprop=\"image\" height=\"699\" width=\"930\" title=\"Cartel0insitu1\" onerror=\"this.style.display='none'\"  \/>\n\t\t\t\t<img data-recalc-dims=\"1\" loading=\"lazy\" decoding=\"async\" src=\"https:\/\/i0.wp.com\/dominiquepeysson.net\/wp-content\/uploads\/2022\/05\/Plasma_Goly.jpg?resize=930%2C697&#038;ssl=1\" alt=\"Plasma_Goly\" itemprop=\"image\" height=\"697\" width=\"930\" title=\"Plasma_Goly\" onerror=\"this.style.display='none'\"  \/>\n\t\t\t\t<img data-recalc-dims=\"1\" loading=\"lazy\" decoding=\"async\" src=\"https:\/\/i0.wp.com\/dominiquepeysson.net\/wp-content\/uploads\/2022\/05\/FleursBilames.jpg?resize=930%2C697&#038;ssl=1\" alt=\"FloresBilames\" itemprop=\"image\" height=\"697\" width=\"930\" title=\"FloresBilames\" onerror=\"this.style.display='none'\"  \/>\n\t\t\t\t<img data-recalc-dims=\"1\" loading=\"lazy\" decoding=\"async\" src=\"https:\/\/i0.wp.com\/dominiquepeysson.net\/wp-content\/uploads\/2022\/05\/Germina.jpg?resize=930%2C697&#038;ssl=1\" alt=\"Germina\" itemprop=\"image\" height=\"697\" width=\"930\" title=\"Germina\" onerror=\"this.style.display='none'\"  \/>\n\t\t\t\t<img data-recalc-dims=\"1\" loading=\"lazy\" decoding=\"async\" src=\"https:\/\/i0.wp.com\/dominiquepeysson.net\/wp-content\/uploads\/2022\/05\/Lamphediae.jpg?resize=930%2C697&#038;ssl=1\" alt=\"Lamphediae\" itemprop=\"image\" height=\"697\" width=\"930\" title=\"Lamphediae\" onerror=\"this.style.display='none'\"  \/>\n\t\t\t\t<img data-recalc-dims=\"1\" loading=\"lazy\" decoding=\"async\" src=\"https:\/\/i0.wp.com\/dominiquepeysson.net\/wp-content\/uploads\/2022\/05\/Monade2.jpg?resize=930%2C698&#038;ssl=1\" alt=\"m\u00f3nada2\" itemprop=\"image\" height=\"698\" width=\"930\" title=\"m\u00f3nada2\" onerror=\"this.style.display='none'\"  \/>\n\t\t\t\t<img data-recalc-dims=\"1\" loading=\"lazy\" decoding=\"async\" src=\"https:\/\/i0.wp.com\/dominiquepeysson.net\/wp-content\/uploads\/2022\/05\/flacons.jpg?resize=930%2C697&#038;ssl=1\" alt=\"viales\" itemprop=\"image\" height=\"697\" width=\"930\" title=\"viales\" onerror=\"this.style.display='none'\"  \/>\n\t\t\t\t<img data-recalc-dims=\"1\" loading=\"lazy\" decoding=\"async\" src=\"https:\/\/i0.wp.com\/dominiquepeysson.net\/wp-content\/uploads\/2022\/05\/suspended1.jpg?resize=930%2C697&#038;ssl=1\" alt=\"suspendido1\" itemprop=\"image\" height=\"697\" width=\"930\" title=\"suspendido1\" onerror=\"this.style.display='none'\"  \/>\n\t\t\t\t<img data-recalc-dims=\"1\" loading=\"lazy\" decoding=\"async\" src=\"https:\/\/i0.wp.com\/dominiquepeysson.net\/wp-content\/uploads\/2022\/05\/Cartel1.jpg?resize=930%2C697&#038;ssl=1\" alt=\"cartel1\" itemprop=\"image\" height=\"697\" width=\"930\" title=\"cartel1\" onerror=\"this.style.display='none'\"  \/>\n\t\t\t\t<img data-recalc-dims=\"1\" loading=\"lazy\" decoding=\"async\" src=\"https:\/\/i0.wp.com\/dominiquepeysson.net\/wp-content\/uploads\/2022\/05\/EnsembleDomi2.jpg?resize=930%2C697&#038;ssl=1\" alt=\"ConjuntoDomi2\" itemprop=\"image\" height=\"697\" width=\"930\" title=\"ConjuntoDomi2\" onerror=\"this.style.display='none'\"  \/>\n\t\t\t\t<img data-recalc-dims=\"1\" loading=\"lazy\" decoding=\"async\" src=\"https:\/\/i0.wp.com\/dominiquepeysson.net\/wp-content\/uploads\/2022\/05\/Insectinoides3.jpg?resize=930%2C697&#038;ssl=1\" alt=\"Insectinoides3\" itemprop=\"image\" height=\"697\" width=\"930\" title=\"Insectinoides3\" onerror=\"this.style.display='none'\"  \/>\n\t\t\t\t<img data-recalc-dims=\"1\" loading=\"lazy\" decoding=\"async\" src=\"https:\/\/i0.wp.com\/dominiquepeysson.net\/wp-content\/uploads\/2022\/05\/xeropycorizes.jpg?resize=930%2C697&#038;ssl=1\" alt=\"xeropicoriza\" itemprop=\"image\" height=\"697\" width=\"930\" title=\"xeropicoriza\" onerror=\"this.style.display='none'\"  \/>\n\t\t\t\t<img data-recalc-dims=\"1\" loading=\"lazy\" decoding=\"async\" src=\"https:\/\/i0.wp.com\/dominiquepeysson.net\/wp-content\/uploads\/2022\/05\/Trafic1.jpg?resize=930%2C697&#038;ssl=1\" alt=\"Tr\u00e1fico1\" itemprop=\"image\" height=\"697\" width=\"930\" title=\"Tr\u00e1fico1\" onerror=\"this.style.display='none'\"  \/>\n\t\t\t\t<img data-recalc-dims=\"1\" loading=\"lazy\" decoding=\"async\" src=\"https:\/\/i0.wp.com\/dominiquepeysson.net\/wp-content\/uploads\/2022\/05\/Monade.jpg?resize=930%2C697&#038;ssl=1\" alt=\"monada\" itemprop=\"image\" height=\"697\" width=\"930\" title=\"monada\" onerror=\"this.style.display='none'\"  \/>\n\t\t\t\t<img data-recalc-dims=\"1\" loading=\"lazy\" decoding=\"async\" src=\"https:\/\/i0.wp.com\/dominiquepeysson.net\/wp-content\/uploads\/2022\/05\/Pila.jpg?resize=930%2C697&#038;ssl=1\" alt=\"pila\" itemprop=\"image\" height=\"697\" width=\"930\" title=\"pila\" onerror=\"this.style.display='none'\"  \/>\n\t\t\t\t<img data-recalc-dims=\"1\" loading=\"lazy\" decoding=\"async\" src=\"https:\/\/i0.wp.com\/dominiquepeysson.net\/wp-content\/uploads\/2022\/05\/Metavirus.jpg?resize=930%2C698&#038;ssl=1\" alt=\"Metavirus\" itemprop=\"image\" height=\"698\" width=\"930\" title=\"Metavirus\" onerror=\"this.style.display='none'\"  \/>\n\t\t\t\t<img data-recalc-dims=\"1\" loading=\"lazy\" decoding=\"async\" src=\"https:\/\/i0.wp.com\/dominiquepeysson.net\/wp-content\/uploads\/2022\/05\/Suspended3.jpg?resize=930%2C697&#038;ssl=1\" alt=\"Suspendido3\" itemprop=\"image\" height=\"697\" width=\"930\" title=\"Suspendido3\" onerror=\"this.style.display='none'\"  \/>\n\t\t\t\t<img data-recalc-dims=\"1\" loading=\"lazy\" decoding=\"async\" src=\"https:\/\/i0.wp.com\/dominiquepeysson.net\/wp-content\/uploads\/2022\/05\/cartel2.jpg?resize=930%2C698&#038;ssl=1\" alt=\"cartel2\" itemprop=\"image\" height=\"698\" width=\"930\" title=\"cartel2\" onerror=\"this.style.display='none'\"  \/>\n\tInstalaci\u00f3n transmedia Arte-Ciencia<br \/>\n12 dispositifs au sein d&#8217;un parcours sc\u00e9nographique\n<strong>Primera presentaci\u00f3n<\/strong><br \/>\nFestival Canal Connect \/ Madrid \/ Marzo-Abril 2022\n<p><strong>Cr\u00e9ditos<\/strong><\/p>\n<strong>Filog\u00e9nesis inversa<\/strong><br \/>\n<strong>Creaci\u00f3n <\/strong>Golnaz Behrouznia y Dominique Peysson<br \/>\n\u200b<br \/>\n<strong>Creaci\u00f3n escenogr\u00e1fica<\/strong> Remi Boulnois<br \/>\n<strong>Dise\u00f1o de sonido<\/strong> Florent Colautti\n<strong>Producci\u00f3n<br \/>\nProducci\u00f3n escenogr\u00e1fica<\/strong><br \/>\nTeatro Del CanalMadrid<br \/>\n<strong>Dominique Peysson apoya <\/strong><br \/>\nProyecto de residencias STARTS en el marco del programa STARTS de la Comisi\u00f3n Europea, basado en elementos tecnol\u00f3gicos del proyecto LEVITATE, con el apoyo de BIPOLAR Production \/<br \/>\nInteracci\u00f3n reflexiva\/EnsadLab, EnsAD, PSL, Par\u00eds, Francia \/<br \/>\nPar\u00eds 1 Pantheon Sorbonne, Par\u00eds, Francia \/<br \/>\n80\/PRIME, CNRS, Laboratorio LIG-INS2I-DR11, Grenoble, Francia \/<br \/>\nFEW, Parcours d&#8217;art contemporain, WattWiller, France.\n<strong>Golnaz Beruznia <\/strong><br \/>\nApoyo individual a la creaci\u00f3n, Esculturas en medios l\u00edquidos, Prefecto de la regi\u00f3n de Occitania (DRAC) \/<br \/>\nBourse de cr\u00e9ation d&#8217;\u0153uvres multim\u00e9dia, CNC (dicr\u00e9am), cr\u00e9ation r\u00e9alis\u00e9e en r\u00e9sidence \u00e0 VIDEOFORMES avec le concours de Clermont Auvergne M\u00e9tropole dans le cadre de sa politique de cr\u00e9ation, et le soutien de la DRAC Auvergne-Rh\u00f4ne-Alpes \/<br \/>\nR\u00e9sidence CIRPAC, Centre international de recherche sur les arts de la pierre (Saint B\u00e9at &#8211; FR).\n<strong>Gracias <\/strong><br \/>\nyannick peysson<br \/>\nantoine cogez\n<strong>Fotos<\/strong><br \/>\nGolnaz Behrouznia y Dominique Peysson","protected":false},"excerpt":{"rendered":"<p>Golnaz Behrouznia &amp; Dominique Peysson, en colaboraci\u00f3n con R\u00e9mi Boulnois 2022 UN MUSEO DE HISTORIA NATURAL PARALELO Escenograf\u00eda R\u00e9mi Boulnois Dise\u00f1o de sonido Florent Colautti Apasionados por la vida, Golnaz Behrouznia y yo imaginamos juntos el concepto de la exposici\u00f3n Filog\u00e9nesis inversa. Este es un viaje protagonizado por doce de nuestros [\u2026]<\/p>","protected":false},"author":1,"featured_media":512,"comment_status":"open","ping_status":"closed","template":"","meta":[],"portfolio":[2],"class_list":["post-499","portfolio_item","type-portfolio_item","status-publish","has-post-thumbnail","hentry","portfolio-installation"],"jetpack_sharing_enabled":true,"_links":{"self":[{"href":"https:\/\/dominiquepeysson.net\/es\/wp-json\/wp\/v2\/portfolio_item\/499","targetHints":{"allow":["GET"]}}],"collection":[{"href":"https:\/\/dominiquepeysson.net\/es\/wp-json\/wp\/v2\/portfolio_item"}],"about":[{"href":"https:\/\/dominiquepeysson.net\/es\/wp-json\/wp\/v2\/types\/portfolio_item"}],"author":[{"embeddable":true,"href":"https:\/\/dominiquepeysson.net\/es\/wp-json\/wp\/v2\/users\/1"}],"replies":[{"embeddable":true,"href":"https:\/\/dominiquepeysson.net\/es\/wp-json\/wp\/v2\/comments?post=499"}],"wp:featuredmedia":[{"embeddable":true,"href":"https:\/\/dominiquepeysson.net\/es\/wp-json\/wp\/v2\/media\/512"}],"wp:attachment":[{"href":"https:\/\/dominiquepeysson.net\/es\/wp-json\/wp\/v2\/media?parent=499"}],"wp:term":[{"taxonomy":"portfolio","embeddable":true,"href":"https:\/\/dominiquepeysson.net\/es\/wp-json\/wp\/v2\/portfolio?post=499"}],"curies":[{"name":"wp","href":"https:\/\/api.w.org\/{rel}","templated":true}]}}