{"id":344,"date":"2020-10-22T10:34:37","date_gmt":"2020-10-22T10:34:37","guid":{"rendered":"https:\/\/site.dominiquepeysson.net\/?page_id=344"},"modified":"2020-12-15T10:27:27","modified_gmt":"2020-12-15T10:27:27","slug":"publicaciones","status":"publish","type":"page","link":"https:\/\/dominiquepeysson.net\/es\/publicaciones\/","title":{"rendered":"Publicaciones"},"content":{"rendered":"<p>Ver publicaciones en <a href=\"https:\/\/univ-mlv.academia.edu\/DominiquePeysson\">academia.edu<\/a><\/p>\n\t<p>Pr\u00f3ximamente (octubre de 2020). En formaci\u00f3n e informaci\u00f3n en materiales vivos, en \u201cDise\u00f1o, Gestaltung, Formativit\u00e0\u201d, antolog\u00eda, Patricia Ribault, Cl\u00faster de Excelencia Materias de Actividad. Material del espacio de la imagen.<\/p>\n<p>Junio. 2018. Ciencia y arte: \u00bfcoartada cientificista o camino para las humanidades? en \u201c\u00bfQu\u00e9 futuro para las humanidades? \u00bb, Archicube, n\u00b024. ENS Ed. (Par\u00eds). P.98-101<\/p>\n<p>Dic. 2017. First Impression, Cat\u00e1logo de mi exposici\u00f3n personal compuesta por cinco obras presentadas en enero-febrero de 2017 en L&#039;Espace Jean-Roger Caussimon, Tremblay en Francia.<\/p>\n<p>Ene. 2017. Im\u00e1genes sensibles e hidrofilia, en \u201cIm\u00e1genes interactivas: artes, ciencias y cultura visual\u201d, bajo la direcci\u00f3n de Jean-Paul Fourmentraux, La Lettre Vol\u00e9e Ed., Bruselas.<\/p>\n<p>Junio 2016. Versal Unfolding, C\u00f3mo un plegado espec\u00edfico puede convertir arrugas y rasgaduras en nociones transversales, Emmanuel Ferrand, Dominique Peysson, en \u201cOn Folding\u201d, dir. Michael Friedman, Transcript Ed., Bielefeld.<\/p>\nAbr. 2016. Imagen-materia. Materiales emergentes y metamorfosis imaginarias. Libro de Dominique Peysson. Say See Ed. (Par\u00eds).<br \/>\nSeguido de La Imagen-Materia. Emerging Materials and Imaginary Metamorphosis, traducci\u00f3n al ingl\u00e9s de Vanessa Place, Dis Voir Ed. (Par\u00eds).\n<p>Dic. 2015 Materiales emergentes puestos a prueba por el arte contempor\u00e1neo, en \u201cCiencias y t\u00e9cnicas. Una cultura para compartir \u00bb Cultura e Investigaci\u00f3n n\u00b0 132, 100 p., La revista de investigaci\u00f3n del Ministerio de Cultura.<\/p>\n<p>2013. Codirecci\u00f3n con Olga Kisseleva de [plastik ]-Art &amp; Science n\u00famero #03, nano.<\/p>\n<p>Agosto de 2013. Peysson Dominique, \u201cEl nanomundo: \u00bfuna nueva \u201cheterotop\u00eda\u201d? \u00bb, en la revista online [plastik ] Nano, n\u00b03.<\/p>\n<p>Mayo 2012. Materializa tu pensamiento en el umbral de lo inteligible, en \u201cT\u00e9cnica y creaci\u00f3n\u201d. Toulouse Ivan, Dan\u00e9tis Daniel (dir.), Par\u00eds: L&#039;Harmattan, 2012, (coll. \u201cEureka et cie\u201d)\u200e.<\/p>\n<p>2008. Inventar el propio camino, peque\u00f1o fresco heur\u00edstico, en &quot;Eureka, el momento de la invenci\u00f3n&quot;, Toulouse Ivan, Dan\u00e9tis Daniel (dir.), Arts 8, Par\u00eds: L&#039;Harmattan, 2008, (coll. &quot;Eureka et cie&quot;) \u200e.<\/p>\n<p>1999-2009. Numerosas publicaciones en literatura infantil (textos e im\u00e1genes): once libros infantiles, ilustraciones para revistas, portadas de libros, etc.<\/p>\n<p>1991-1995. Publicaciones cient\u00edficas: un cap\u00edtulo de libro, ocho publicaciones en revistas revisadas por pares (como \u201cDie Makromol. Chem.\u201d, \u201cNonlinear Optics\u201d, \u201cMacromol. Chem. Phys.\u201d, \u201cLiquid Crystals\u201d, etc.), diez - ocho comunicaciones (congresos, jornadas, etc.).<\/p>\n\t<h2>Intervenciones-comunicaciones en el arte<\/h2>\n<p>Pr\u00f3ximamente (aplazado por coronavirus): Materiales emergentes puestos a prueba del arte contempor\u00e1neo, \u201cQu\u00edmica y Arte\u201d, Jornadas de Qu\u00edmica, X, ENS, ESPCI.<\/p>\n<p>Pr\u00f3ximamente \u2013 pospuesto debido al coronavirus. Presentaci\u00f3n de mis trabajos sobre el ADN para \u201cEl siglo XXI, \u00bfel siglo del ADN? \u00bb, campus digital del grupo Ionis Education, Sup&#039;Biotech.<\/p>\n<p>2 de marzo de 2020. Matter IS form, Galerie L&#039;ahah, con motivo de la exposici\u00f3n de Ran Zhang, Resolution of Traits, 25-27 de marzo de 2020, espacio de exposici\u00f3n #Griset, 4 cit\u00e9 Griset, Par\u00eds.<\/p>\n<p>18 de febrero 2020. Jurado del Concurso de Imagen Cient\u00edfica SNSF (SSIC) 2020, Berna, Suiza.<\/p>\n<p>27-30 de noviembre de 2019. Cosas para pensar. Cuando lo que tocamos puede tocarnos profundamente, conferencia internacional Arts &amp; Science, Museo Nacional Marc Chagall, Universidad de la Costa Azul, Niza.<\/p>\n<p>noviembre-dic. 2019. Talleres de innovaci\u00f3n en materiales SMART para LVMH Research.<\/p>\n<p>24 y 25 de septiembre de 2019. Biomimesis versus biomimesis, presentaci\u00f3n en parejas con Emmanuel Ferrand, para las Jornadas T\u00e9cnicas y Culturales \u201cBiomimesis(es). Imitaci\u00f3n de la vida y modelado de la vida\u201d, Mucem, Marsella.<\/p>\n<p>13 de junio de 2019. Gotitas como unidades de informaci\u00f3n, Simposio Internacional \u201cGarden the sky water\u201d, Cit\u00e9 Internationale des Arts, Par\u00eds.<\/p>\n<p>11-21 de junio de 2019. Talleres de creaci\u00f3n \u201cArte y ciencia\u201d para LVMH Research, patrocinados por Bruno Bavouzet, presidente de LVMH Research. Una experiencia completamente nueva, que establece un primer hito para unir la investigaci\u00f3n y el arte contempor\u00e1neo dentro de LVMH.<\/p>\n<p>12 de diciembre 2018. Intervenci\u00f3n sobre la pel\u00edcula Alone on Mars, de R. Scott, para el ciclo \u201cPresencias extraterrestres\u201d, Vidas humanas en el espacio, organizado por Roland Lehoucq, Perig Pitrou y Jean-S\u00e9bastien Steyer en el cine Grand Action, Par\u00eds.<\/p>\n<p>12 de octubre de 2018. Conferencia magistral, Arte y Materia: una Cuesti\u00f3n de Vida, 55\u00b0 Reuni\u00f3n T\u00e9cnica Anual de la Sociedad de Ciencias de la Ingenier\u00eda, Madrid, Espa\u00f1a (invitado).<\/p>\n<p>29 de agosto de 2018. Keynote, Information &amp; information in living materials, Solvay Workshop, Bruselas, B\u00e9lgica (invitado).<\/p>\n<p>27 de junio de 2018. M\u00e1quinas org\u00e1nicas, Jornadas de estudio \u201cSensibilidad artificial\u201d, Maison des Sciences de l&#039;Homme Paris-Nord.<\/p>\n<p>15-16 de febrero 2018. Information and in-formation in living material, para el taller \u201cDesign, Gestaltung, Formativit\u00e0\u201d, Universidad Humboldt (Berl\u00edn) e Instituto Max Planck (Potsdam), Alemania (invitado).<\/p>\n<p>12 oct. 2017. La marcha hacia las m\u00e1quinas org\u00e1nicas, para la jornada \u201cEl futuro de las m\u00e1quinas: \u00bfentre la ciencia y la ficci\u00f3n?\u201d, Acc\u00e8)s( festival, Pau.<\/p>\n<p>16-17 oct 2017. Materia viva, para el simposio La vie \u00e0 l&#039;oeuvre. Nuevas ecolog\u00edas, bioarte, biodise\u00f1o, en el Mus\u00e9e de la Chasse, Par\u00eds.<\/p>\n<p>21 de junio de 2017. Vivo. Las formas de la informaci\u00f3n, para el taller \u201cExploraciones interdisciplinares en torno a lo vivo. Ciencia y arte en el PSL\u201d, ESPCI, Par\u00eds.<\/p>\n<p>1 de junio de 2017. Apertura y comunicaci\u00f3n: Responsive Liquid Matter, para el coloquio \u201cResponsive Matter\u201d en el Centre Pompidou, Par\u00eds.<\/p>\n<p>30 abr. 2017. Materia deseante, de la m\u00e1quina a la materia viva, para los encuentros: \u201cM\u00e1quinas ut\u00f3picas\u201d, en la Gait\u00e9 Lyrique, Par\u00eds.<\/p>\n<p>10 de noviembre de 2016. Nuevas m\u00e1scaras. Una relaci\u00f3n de inteligencia entre nosotros y nuestra indumentaria, seminario de investigaci\u00f3n \u201cAntropolog\u00eda de los mundos de la moda. La mano mirando la m\u00e1quina. \u00bfQu\u00e9 queda para la mano? \u00bb, EHESS, Par\u00eds.<\/p>\n<p>9 de junio de 2016. Data-materia y materia programable: mesa redonda \u201cData Matters? organizado en torno a la obra de Mathieu Briand Memories Memories, Espace Pierre Gilles de Gennes, Par\u00eds.<\/p>\n<p>26 de mayo de 2016. Lanzamiento del libro L&#039;Image-Mati\u00e8re en Par\u00eds. Mesa redonda con Manuela de Barros y Dominique Lestel, La Paillasse, Par\u00eds.<\/p>\n<p>18 de mayo de 2016. Lanzamiento del libro L&#039;Image-Mati\u00e8re en Poitiers. Mesa redonda con Perig Pitrou y Thierry Ferreira, Lieu Multiple, Poitiers.<\/p>\n<p>2 abr 2016. Entrevista a Lia Giraud en ENS radio: TrENSmisi\u00f3n en nuestros viajes de arte y ciencia<\/p>\n<p>23 de marzo de 2016. Propiedades del material de talla. Los materiales emergentes en el arte contempor\u00e1neo. Intervenci\u00f3n para el International Symposium on Two-Dimensional Layered Materials and Art: Two Worlds Meet, 23-25 de marzo de 2016, IM\u00e9RA, Marsella. transmisi\u00f3n por Internet.<\/p>\n<p>13 de febrero 2016. Materia de Programaci\u00f3n. Presentaci\u00f3n-debate, Centre Jean-Roger Caussimon, Tremblay en Francia, en el marco de su residencia art\u00edstica, en colaboraci\u00f3n con el Lieu multiple de Poitiers.<\/p>\n<p>4 de mayo de 2015. La valent\u00eda del investigador-explorador. Breve cr\u00f3nica ilustrada de la investigaci\u00f3n de la casualidad, Interf\u00e9rences_VIDA, acompa\u00f1ada de un taller de Historia y Filosof\u00eda de la Ciencia, Universidad Pierre y Marie Curie (UPMC), Par\u00eds.<\/p>\n<p>26 de marzo de 2015. A trav\u00e9s del pliegue: Plegado cruzado de filosof\u00eda, arte contempor\u00e1neo y artes aplicadas, Coloquio Plegado y plegado de estructuras de chapa fina, GDR MePhy, Mec\u00e1nica y f\u00edsica de sistemas complejos. ESPCI, Par\u00eds V.<\/p>\n<p>13 de noviembre de 2014. Materia en dos tiempos: equilibrio din\u00e1mico, Encuentro Investigaci\u00f3n y creaci\u00f3n, temporalidades, Labex ARTS-H2H, Galerie Rhinoc\u00e9ros et cie, 156 bd Haussman, Par\u00eds.<\/p>\n<p>6 de marzo de 2014. La materia ES el mecanismo. Materiales responsivos y arte contempor\u00e1neo. Dorkbot #46 (Haciendo cosas extra\u00f1as con electricidad), Par\u00eds.<\/p>\n<p>19 y 20 de septiembre de 2013. ABC. Movi\u00e9ndose sin motores: el artista y el comportamiento de sus criaturas en movimiento. Conferencia Moving Without Muscles (MWM), laboratorio interdisciplinario de Grenoble.<\/p>\n<p>23 de mayo de 2013. Investigaci\u00f3n en curso, para el d\u00eda anual Labex DEEP, Institut Curie, Par\u00eds.<\/p>\n<p>11 de abril de 2013. Discurso en el seminario de Biomec\u00e1nica, Microingenier\u00eda y Nanotecnolog\u00eda en el Centro de Investigaci\u00f3n e Interdisciplinario (CRI), Universidad de Par\u00eds Descartes.<\/p>\n<p>21 de febrero 2013. Intervenci\u00f3n y debate para la Matem\u00e1tica Sensible en el marco del programa \u201cLa ciencia se entrega\u201d en el Cubo, Issy-les-Moulineaux.<\/p>\n<p>26 ene. 2013. El nanomundo: \u00bfuna nueva \u201cheterotop\u00eda\u201d? Para la conferencia \u201cArte a la nanoescala\u201d, Centro Pompidou, Par\u00eds.<\/p>\n<p>9-10. Octubre de 2012. Modulaciones mentales, modus operandi, Historia del arte y ondas mentales, para las jornadas \u201cInterfaces neuronales: del pensamiento a la acci\u00f3n\u201d, St\u00e9r\u00e9olux, Nantes.<\/p>\nMayo 2011. Visita a dos voces, arte y ciencia, sobre la exposici\u00f3n \u201c\u00bfQui\u00e9n apag\u00f3 la luz? \u00bb MacVal \/ Exploradome, Vitry sur Seine.<br \/>\n.<br \/>\nMarzo 2011. Percoler, intervenci\u00f3n sobre arte y ciencia en Universcience, Par\u00eds.\n<p>Junio de 2010. YI SANG | GNAS IY y la inversi\u00f3n del tiempo. Intervenci\u00f3n sobre la inspiraci\u00f3n cient\u00edfica del poeta coreano Yi Sang, festival \u201cYi Sang in Paris\u201d, en La G\u00e9n\u00e9rale, Par\u00eds.<\/p>\n<p>Mayo de 2009. Gestos de la memoria, jornada de estudio \u201cM\u00f3vil Inm\u00f3vil\u201d, equipo de investigaci\u00f3n Est\u00e9tica de los nuevos medios, Universidad de Par\u00eds 8, Saint-Denis.<\/p>\n<p>Mayo de 2009. La inventiva se describe como la filtraci\u00f3n parat\u00e1ctica de islas de pensamiento estructurado dentro de lo informal. Jornadas cient\u00edficas de la Universidad de Rennes2, \u201cT\u00e9cnica y creaci\u00f3n\u201d, Rennes.<\/p>\n<p>5 de marzo de 2009. Electro-encefalo-gramofon\u00edas, Intervenci\u00f3n sobre la Historia de las ondas mentales en el arte, para los jueves de Gakona, Brainwaves, Palais de Tokyo, Par\u00eds.<\/p>\n<p>2008. Inventar el propio camino, peque\u00f1o fresco heur\u00edstico, Coloquio \u201cEureka, el momento de la invenci\u00f3n\u201d, Par\u00eds 8 y ESPCI, Par\u00eds.<\/p>\n<h2><\/h2>\n<h2>Organizaci\u00f3n de conferencias y jornadas de estudio (Arte)<\/h2>\n<p>Viniendo. Coorganizador de una semana de reflexi\u00f3n transdisciplinar con el f\u00edsico Beno\u00eet Roman sobre Materia animada, en mayo de 2021. Toda una semana aislada para doce investigadores de renombre internacional en la Fondation des Treilles, un lugar que promueve el di\u00e1logo entre creadores e investigadores. Se imaginar\u00e1 una realizaci\u00f3n material, un simposio internacional y quiz\u00e1s un libro o una exposici\u00f3n ser\u00e1n las producciones esperadas de estos d\u00edas.<\/p>\n<p>21 de junio de 2017. Exploraciones interdisciplinares en torno a lo vivo. Ciencia y arte en PSL. Taller de arte y biolog\u00eda organizado con Lia Giraud, Val\u00e9rie Pihet y Perig Pitrou en ESPCI.<\/p>\n<p>1 de junio de 2017. Conferencia Responsive Matter, arte y ciencia, Centro Pompidou, Par\u00eds, organizada con Marie-Ange Brayer, Samuel Bianchini y Emanuele Quinz. La impresi\u00f3n 3D actualiza la relaci\u00f3n material\/forma donde el material s\u00f3lo cobra significado cuando est\u00e1 informado y debe olvidarse. Pero \u00bfqu\u00e9 pasa hoy con estos nuevos materiales activos, reactivos y adaptativos?<\/p>\n<p>Ene.2017-Ene.2019. La vida en el trabajo. Explorando el potencial del bioarte y el biodise\u00f1o, miembro activo con Ludovic Jullien y Lia Giraud del programa dirigido por Perig Pitrou, apoyado por PSL. Este proyecto re\u00fane a actores de diversas instituciones del PSL (escuelas de arte y dise\u00f1o, laboratorios de ciencias naturales y ciencias humanas y sociales) para explorar el potencial que representa la transferencia de biotecnolog\u00edas en las pr\u00e1cticas art\u00edsticas, artesanales e industriales que se desarrollan en los campos del bioarte. y biodise\u00f1o.<\/p>\n<p>20-21 de septiembre de 2016. The FOLD, Coloquio EnsAD-ESPCI-Universidad Humboldt-MPI Podsdam. Coorganizador con Beno\u00eet Roman (ESPCI, Par\u00eds), Michael Friedman (Universidad Humboldt) y Peter Fratzl (dir. del Instituto Max Plack de Colloides e interfaces). El objetivo del simposio era reunir dos disciplinas diferentes: la mec\u00e1nica y la morfog\u00e9nesis de (bio)-materiales por un lado y la filosof\u00eda por el otro.<\/p>\n<p>Junio. 2009-feb. 2010. Cambiar de piel: Organizaci\u00f3n de dos eventos que permitieron la formaci\u00f3n de duplas artista-cient\u00edfico, el establecimiento de intercambios (cada uno poni\u00e9ndose en el lugar del otro), y una restituci\u00f3n. Organizado con Paris 8 y ESPCI, Par\u00eds.<\/p>\n<p>31 de mayo-1 de junio de 2007. Eureka, el momento de la invenci\u00f3n, organizaci\u00f3n con Ivan Toulouse del congreso con ponentes artistas y cient\u00edficos, mayo de 2007, Universidad de Par\u00eds 8 y ESPCI.<\/p>","protected":false},"excerpt":{"rendered":"<p>Ver publicaciones en Academia.edu Pr\u00f3ximamente (octubre de 2020). En formaci\u00f3n e informaci\u00f3n en materiales vivos, en \u201cDise\u00f1o, Gestaltung, Formativit\u00e0\u201d, antolog\u00eda, Patricia Ribault, Cl\u00faster de Excelencia Materias de Actividad. Material del espacio de la imagen. Junio. 2018. Ciencia y arte: \u00bfcoartada cientificista o camino para las humanidades? en \u201c\u00bfQu\u00e9 futuro para [\u2026]<\/p>","protected":false},"author":1,"featured_media":345,"parent":0,"menu_order":0,"comment_status":"closed","ping_status":"closed","template":"","meta":{"inspiro_page_layout":"narrow","inspiro_hide_title":false,"footnotes":""},"class_list":["post-344","page","type-page","status-publish","has-post-thumbnail","hentry"],"jetpack_sharing_enabled":true,"_links":{"self":[{"href":"https:\/\/dominiquepeysson.net\/es\/wp-json\/wp\/v2\/pages\/344","targetHints":{"allow":["GET"]}}],"collection":[{"href":"https:\/\/dominiquepeysson.net\/es\/wp-json\/wp\/v2\/pages"}],"about":[{"href":"https:\/\/dominiquepeysson.net\/es\/wp-json\/wp\/v2\/types\/page"}],"author":[{"embeddable":true,"href":"https:\/\/dominiquepeysson.net\/es\/wp-json\/wp\/v2\/users\/1"}],"replies":[{"embeddable":true,"href":"https:\/\/dominiquepeysson.net\/es\/wp-json\/wp\/v2\/comments?post=344"}],"version-history":[{"count":4,"href":"https:\/\/dominiquepeysson.net\/es\/wp-json\/wp\/v2\/pages\/344\/revisions"}],"predecessor-version":[{"id":427,"href":"https:\/\/dominiquepeysson.net\/es\/wp-json\/wp\/v2\/pages\/344\/revisions\/427"}],"wp:featuredmedia":[{"embeddable":true,"href":"https:\/\/dominiquepeysson.net\/es\/wp-json\/wp\/v2\/media\/345"}],"wp:attachment":[{"href":"https:\/\/dominiquepeysson.net\/es\/wp-json\/wp\/v2\/media?parent=344"}],"curies":[{"name":"wp","href":"https:\/\/api.w.org\/{rel}","templated":true}]}}